{"id":887,"date":"2020-04-27T11:11:14","date_gmt":"2020-04-27T11:11:14","guid":{"rendered":"https:\/\/tsv-ohrnberg.de\/?page_id=887"},"modified":"2022-02-18T20:33:49","modified_gmt":"2022-02-18T20:33:49","slug":"covid-19","status":"publish","type":"page","link":"https:\/\/tsv-ohrnberg.de\/index.php\/covid-19\/","title":{"rendered":"COVID-19"},"content":{"rendered":"\t\t<div data-elementor-type=\"wp-page\" data-elementor-id=\"887\" class=\"elementor elementor-887\">\n\t\t\t\t\t\t<section class=\"elementor-section elementor-top-section elementor-element elementor-element-607fc39 elementor-section-boxed elementor-section-height-default elementor-section-height-default\" data-id=\"607fc39\" data-element_type=\"section\" data-e-type=\"section\" data-settings=\"{&quot;background_background&quot;:&quot;classic&quot;}\">\n\t\t\t\t\t\t<div class=\"elementor-container elementor-column-gap-default\">\n\t\t\t\t\t<div class=\"elementor-column elementor-col-100 elementor-top-column elementor-element elementor-element-ed29e03\" data-id=\"ed29e03\" data-element_type=\"column\" data-e-type=\"column\">\n\t\t\t<div class=\"elementor-widget-wrap elementor-element-populated\">\n\t\t\t\t\t\t<div class=\"elementor-element elementor-element-6313553 elementor-widget elementor-widget-spacer\" data-id=\"6313553\" data-element_type=\"widget\" data-e-type=\"widget\" data-widget_type=\"spacer.default\">\n\t\t\t\t<div class=\"elementor-widget-container\">\n\t\t\t\t\t\t\t<div class=\"elementor-spacer\">\n\t\t\t<div class=\"elementor-spacer-inner\"><\/div>\n\t\t<\/div>\n\t\t\t\t\t\t<\/div>\n\t\t\t\t<\/div>\n\t\t\t\t<div class=\"elementor-element elementor-element-1b840a4 elementor-widget elementor-widget-heading\" data-id=\"1b840a4\" data-element_type=\"widget\" data-e-type=\"widget\" data-widget_type=\"heading.default\">\n\t\t\t\t<div class=\"elementor-widget-container\">\n\t\t\t\t\t<h2 class=\"elementor-heading-title elementor-size-default\">COVID-19<\/h2>\t\t\t\t<\/div>\n\t\t\t\t<\/div>\n\t\t\t\t<div class=\"elementor-element elementor-element-4fb8a37 elementor-widget elementor-widget-spacer\" data-id=\"4fb8a37\" data-element_type=\"widget\" data-e-type=\"widget\" data-widget_type=\"spacer.default\">\n\t\t\t\t<div class=\"elementor-widget-container\">\n\t\t\t\t\t\t\t<div class=\"elementor-spacer\">\n\t\t\t<div class=\"elementor-spacer-inner\"><\/div>\n\t\t<\/div>\n\t\t\t\t\t\t<\/div>\n\t\t\t\t<\/div>\n\t\t\t\t\t<\/div>\n\t\t<\/div>\n\t\t\t\t\t<\/div>\n\t\t<\/section>\n\t\t\t\t<section class=\"elementor-section elementor-top-section elementor-element elementor-element-af1085e elementor-section-boxed elementor-section-height-default elementor-section-height-default\" data-id=\"af1085e\" data-element_type=\"section\" data-e-type=\"section\">\n\t\t\t\t\t\t<div class=\"elementor-container elementor-column-gap-default\">\n\t\t\t\t\t<div class=\"elementor-column elementor-col-33 elementor-top-column elementor-element elementor-element-fb5468b\" data-id=\"fb5468b\" data-element_type=\"column\" data-e-type=\"column\">\n\t\t\t<div class=\"elementor-widget-wrap elementor-element-populated\">\n\t\t\t\t\t\t<div class=\"elementor-element elementor-element-251ad2a elementor-widget elementor-widget-heading\" data-id=\"251ad2a\" data-element_type=\"widget\" data-e-type=\"widget\" data-widget_type=\"heading.default\">\n\t\t\t\t<div class=\"elementor-widget-container\">\n\t\t\t\t\t<h2 class=\"elementor-heading-title elementor-size-default\">Lockerungen in Sicht (18.02.2022)<\/h2>\t\t\t\t<\/div>\n\t\t\t\t<\/div>\n\t\t\t\t<div class=\"elementor-element elementor-element-572505f elementor-widget elementor-widget-text-editor\" data-id=\"572505f\" data-element_type=\"widget\" data-e-type=\"widget\" data-widget_type=\"text-editor.default\">\n\t\t\t\t<div class=\"elementor-widget-container\">\n\t\t\t\t\t\t\t\t\t<p>Es besteht Hoffnung auf ein Ende der strengen Ma\u00dfnahmen. Bereits jetzt ist die Dokumentationspflicht der Teilnehmer aufgehoben, Maskenpflicht, 2G und 3G Regelungen bleiben aber aktiv.<\/p>\t\t\t\t\t\t\t\t<\/div>\n\t\t\t\t<\/div>\n\t\t\t\t<div class=\"elementor-element elementor-element-a5a7869 elementor-widget elementor-widget-heading\" data-id=\"a5a7869\" data-element_type=\"widget\" data-e-type=\"widget\" data-widget_type=\"heading.default\">\n\t\t\t\t<div class=\"elementor-widget-container\">\n\t\t\t\t\t<h2 class=\"elementor-heading-title elementor-size-default\">Neues Hygienekonzept und Freigabe Halle (21.09.2020)<\/h2>\t\t\t\t<\/div>\n\t\t\t\t<\/div>\n\t\t\t\t<div class=\"elementor-element elementor-element-29e1146 elementor-widget elementor-widget-text-editor\" data-id=\"29e1146\" data-element_type=\"widget\" data-e-type=\"widget\" data-widget_type=\"text-editor.default\">\n\t\t\t\t<div class=\"elementor-widget-container\">\n\t\t\t\t\t\t\t\t\t<p>Ab dem 22.09.2020 tritt das neue Hygienekonzept des TSV Ohrnberg in Kraft. Das Konzept ist freigegeben von der Stadt \u00d6hringen und erlaubt den Sportbetrieb auch in der Halle.<\/p><p>Auch wenn es dem Vereinsausschuss nicht leicht gefallen ist, es ist Alternativlos und richtig:<br>Absage der Jugendweihnachtsfeier 2020 und<br>Absage der beiden Jahresfeiern 2021.<\/p>\t\t\t\t\t\t\t\t<\/div>\n\t\t\t\t<\/div>\n\t\t\t\t<div class=\"elementor-element elementor-element-f7da829 elementor-widget elementor-widget-heading\" data-id=\"f7da829\" data-element_type=\"widget\" data-e-type=\"widget\" data-widget_type=\"heading.default\">\n\t\t\t\t<div class=\"elementor-widget-container\">\n\t\t\t\t\t<h2 class=\"elementor-heading-title elementor-size-default\">Fazit: Alle halten sich an die Regeln\n(26.07.2020) <\/h2>\t\t\t\t<\/div>\n\t\t\t\t<\/div>\n\t\t\t\t<div class=\"elementor-element elementor-element-fd2d2d7 elementor-widget elementor-widget-video\" data-id=\"fd2d2d7\" data-element_type=\"widget\" data-e-type=\"widget\" data-settings=\"{&quot;video_type&quot;:&quot;hosted&quot;,&quot;controls&quot;:&quot;yes&quot;}\" data-widget_type=\"video.default\">\n\t\t\t\t<div class=\"elementor-widget-container\">\n\t\t\t\t\t\t\t<div class=\"e-hosted-video elementor-wrapper elementor-open-inline\">\n\t\t\t\t\t<video class=\"elementor-video\" src=\"https:\/\/tsv-ohrnberg.de\/wp-content\/uploads\/2020\/07\/COVID19_Datenl\u00f6schung.mp4\" controls=\"\" preload=\"metadata\" controlsList=\"nodownload\"><\/video>\n\t\t\t\t<\/div>\n\t\t\t\t\t\t<\/div>\n\t\t\t\t<\/div>\n\t\t\t\t<div class=\"elementor-element elementor-element-ba0896f elementor-widget elementor-widget-heading\" data-id=\"ba0896f\" data-element_type=\"widget\" data-e-type=\"widget\" data-widget_type=\"heading.default\">\n\t\t\t\t<div class=\"elementor-widget-container\">\n\t\t\t\t\t<h2 class=\"elementor-heading-title elementor-size-default\">Sportbetrieb wieder m\u00f6glich (15.06.2020)<\/h2>\t\t\t\t<\/div>\n\t\t\t\t<\/div>\n\t\t\t\t<div class=\"elementor-element elementor-element-d09596e elementor-widget elementor-widget-text-editor\" data-id=\"d09596e\" data-element_type=\"widget\" data-e-type=\"widget\" data-widget_type=\"text-editor.default\">\n\t\t\t\t<div class=\"elementor-widget-container\">\n\t\t\t\t\t\t\t\t\t<p>Der Vereinsauschuss beschloss am 15.06.20 einstimmig,\u00a0 dass unter Einhaltung strenger Vorgaben der Sportbetrieb unter <strong>freiem Himmel<\/strong> m\u00f6glich ist. Ma\u00dfstab ist das allgemeine Hygienekonzept des TSV Ohrnberg in Verbindung mit einem Detailkonzept pro Sport-Gruppe\/Abteilung.<\/p><p>Den Anweisungen des \u00dcbungsleiters ist zwingend Folge zu leisten.<\/p><p><strong>Weiterhin untersagt ist der Sportbetrieb in der Halle sowie die Nutzung der Vereinsgastst\u00e4tte.<\/strong><\/p>\t\t\t\t\t\t\t\t<\/div>\n\t\t\t\t<\/div>\n\t\t\t\t\t<\/div>\n\t\t<\/div>\n\t\t\t\t<div class=\"elementor-column elementor-col-33 elementor-top-column elementor-element elementor-element-6228eb0\" data-id=\"6228eb0\" data-element_type=\"column\" data-e-type=\"column\">\n\t\t\t<div class=\"elementor-widget-wrap elementor-element-populated\">\n\t\t\t\t\t\t<div class=\"elementor-element elementor-element-fe18343 elementor-widget elementor-widget-toggle\" data-id=\"fe18343\" data-element_type=\"widget\" data-e-type=\"widget\" data-widget_type=\"toggle.default\">\n\t\t\t\t<div class=\"elementor-widget-container\">\n\t\t\t\t\t\t\t<div class=\"elementor-toggle\">\n\t\t\t\t\t\t\t<div class=\"elementor-toggle-item\">\n\t\t\t\t\t<div id=\"elementor-tab-title-2661\" class=\"elementor-tab-title\" data-tab=\"1\" role=\"button\" aria-controls=\"elementor-tab-content-2661\" aria-expanded=\"false\">\n\t\t\t\t\t\t\t\t\t\t\t\t<span class=\"elementor-toggle-icon elementor-toggle-icon-left\" aria-hidden=\"true\">\n\t\t\t\t\t\t\t\t\t\t\t\t\t\t\t<span class=\"elementor-toggle-icon-closed\"><i class=\"fas fa-caret-right\"><\/i><\/span>\n\t\t\t\t\t\t\t\t<span class=\"elementor-toggle-icon-opened\"><i class=\"elementor-toggle-icon-opened fas fa-caret-up\"><\/i><\/span>\n\t\t\t\t\t\t\t\t\t\t\t\t\t<\/span>\n\t\t\t\t\t\t\t\t\t\t\t\t<a class=\"elementor-toggle-title\" tabindex=\"0\">Hygienebeauftragte<\/a>\n\t\t\t\t\t<\/div>\n\n\t\t\t\t\t<div id=\"elementor-tab-content-2661\" class=\"elementor-tab-content elementor-clearfix\" data-tab=\"1\" role=\"region\" aria-labelledby=\"elementor-tab-title-2661\"><p><strong>Martin Poddig:<\/strong><br>W\u00e4chlingen 24, 74613 \u00d6hr.-Ohrnberg<br>Telefon: 07948 941898<\/p>\n<p><strong>Andreas M\u00fcller:<\/strong><br>Ruckhardtshauserstr. 6, 74613 \u00d6hr.-Ohrnberg<br>Telefon: 07948 941433<br>0176 78938514<br>tsv-ohrnberg@gmx.de<\/p><\/div>\n\t\t\t\t<\/div>\n\t\t\t\t\t\t\t\t<\/div>\n\t\t\t\t\t\t<\/div>\n\t\t\t\t<\/div>\n\t\t\t\t\t<\/div>\n\t\t<\/div>\n\t\t\t\t<div class=\"elementor-column elementor-col-33 elementor-top-column elementor-element elementor-element-8d6a6d9\" data-id=\"8d6a6d9\" data-element_type=\"column\" data-e-type=\"column\">\n\t\t\t<div class=\"elementor-widget-wrap elementor-element-populated\">\n\t\t\t\t\t\t<div class=\"elementor-element elementor-element-0391136 elementor-widget elementor-widget-heading\" data-id=\"0391136\" data-element_type=\"widget\" data-e-type=\"widget\" data-widget_type=\"heading.default\">\n\t\t\t\t<div class=\"elementor-widget-container\">\n\t\t\t\t\t<h2 class=\"elementor-heading-title elementor-size-default\">Vereins-\/ Hygienekonzept TSV Ohrnberg <\/h2>\t\t\t\t<\/div>\n\t\t\t\t<\/div>\n\t\t\t\t<div class=\"elementor-element elementor-element-584238c elementor-widget elementor-widget-text-editor\" data-id=\"584238c\" data-element_type=\"widget\" data-e-type=\"widget\" data-widget_type=\"text-editor.default\">\n\t\t\t\t<div class=\"elementor-widget-container\">\n\t\t\t\t\t\t\t\t\t<p>Aufgrund der teilweise w\u00f6chentlichen \u00c4nderungen der Corona Verordnungen haben wir uns dazu entschlossen die aktuell g\u00fcltigen Regeln\u00a0 an den Eingangst\u00fcren der Sporthalle und des Vereinsheims anzuschlagen. Diese Regeln sind f\u00fcr alle Teilnehmer und Besucher zwingend einzuhalten und umzusetzen.<\/p><p>Wir danken Euch sehr f\u00fcr die bis dato hervorragende und konstruktive Umsetzung.<\/p>\t\t\t\t\t\t\t\t<\/div>\n\t\t\t\t<\/div>\n\t\t\t\t<div class=\"elementor-element elementor-element-245d348 elementor-widget elementor-widget-heading\" data-id=\"245d348\" data-element_type=\"widget\" data-e-type=\"widget\" data-widget_type=\"heading.default\">\n\t\t\t\t<div class=\"elementor-widget-container\">\n\t\t\t\t\t<h2 class=\"elementor-heading-title elementor-size-default\">Informationen aus dem Web:<\/h2>\t\t\t\t<\/div>\n\t\t\t\t<\/div>\n\t\t\t\t<div class=\"elementor-element elementor-element-86b8598 elementor-widget elementor-widget-text-editor\" data-id=\"86b8598\" data-element_type=\"widget\" data-e-type=\"widget\" data-widget_type=\"text-editor.default\">\n\t\t\t\t<div class=\"elementor-widget-container\">\n\t\t\t\t\t\t\t\t\t<p><span style=\"text-decoration: underline;\"><strong>Corona-Verordnung des Landes Baden-W\u00fcrttemberg:<\/strong><\/span><\/p><p><a href=\"https:\/\/www.baden-wuerttemberg.de\/de\/service\/aktuelle-infos-zu-corona\/aktuelle-corona-verordnung-des-landes-baden-wuerttemberg\/\">https:\/\/www.baden-wuerttemberg.de\/de\/service\/aktuelle-infos-zu-corona\/aktuelle-corona-verordnung-des-landes-baden-wuerttemberg\/<\/a><\/p><p><span style=\"text-decoration: underline;\"><strong>Ministerium f\u00fcr Kultus, Jugend und Sport Baden-W\u00fcrttemberg:<\/strong><\/span><\/p><p><a href=\"https:\/\/km-bw.de\/,Lde\/startseite\/sonderseiten\/corona-verordnung-sport\">https:\/\/km-bw.de\/,Lde\/startseite\/sonderseiten\/corona-verordnung-sport<\/a><\/p><p><span style=\"text-decoration: underline;\"><strong>Information zum Coronavirus des DOSB:<\/strong><\/span><\/p><p><a href=\"https:\/\/www.dosb.de\/medienservice\/coronavirus\">https:\/\/www.dosb.de\/medienservice\/coronavirus<\/a><\/p><p><span style=\"text-decoration: underline;\"><strong>Corona Portal W\u00fcrttembergischer Fu\u00dfballverband e.V.:<\/strong><\/span><\/p><p><div class=\"oceanwp-oembed-wrap clr\"><blockquote class=\"wp-embedded-content\" data-secret=\"8p14zBJh5x\"><a href=\"https:\/\/www.wuerttfv.de\/corona\/\">Corona<\/a><\/blockquote><iframe class=\"wp-embedded-content\" sandbox=\"allow-scripts\" security=\"restricted\" style=\"position: absolute; clip: rect(1px, 1px, 1px, 1px);\" title=\"&#8222;Corona&#8220; &#8212; W\u00fcrttembergischer Fu\u00dfballverband e.V.\" src=\"https:\/\/www.wuerttfv.de\/corona\/embed\/#?secret=8p14zBJh5x\" data-secret=\"8p14zBJh5x\" width=\"600\" height=\"338\" frameborder=\"0\" marginwidth=\"0\" marginheight=\"0\" scrolling=\"no\"><\/iframe><\/div><\/p>\t\t\t\t\t\t\t\t<\/div>\n\t\t\t\t<\/div>\n\t\t\t\t\t<\/div>\n\t\t<\/div>\n\t\t\t\t\t<\/div>\n\t\t<\/section>\n\t\t\t\t<section class=\"elementor-section elementor-top-section elementor-element elementor-element-84e2ca2 elementor-section-boxed elementor-section-height-default elementor-section-height-default\" data-id=\"84e2ca2\" data-element_type=\"section\" data-e-type=\"section\">\n\t\t\t\t\t\t<div class=\"elementor-container elementor-column-gap-default\">\n\t\t\t\t\t<div class=\"elementor-column elementor-col-100 elementor-top-column elementor-element elementor-element-d8a51de\" data-id=\"d8a51de\" data-element_type=\"column\" data-e-type=\"column\">\n\t\t\t<div class=\"elementor-widget-wrap elementor-element-populated\">\n\t\t\t\t\t\t<div class=\"elementor-element elementor-element-a49432b elementor-widget elementor-widget-heading\" data-id=\"a49432b\" data-element_type=\"widget\" data-e-type=\"widget\" data-widget_type=\"heading.default\">\n\t\t\t\t<div class=\"elementor-widget-container\">\n\t\t\t\t\t<h2 class=\"elementor-heading-title elementor-size-default\">Information der Vorstandschaft (17.05.2020)<\/h2>\t\t\t\t<\/div>\n\t\t\t\t<\/div>\n\t\t\t\t<div class=\"elementor-element elementor-element-dd34c61 elementor-widget elementor-widget-text-editor\" data-id=\"dd34c61\" data-element_type=\"widget\" data-e-type=\"widget\" data-widget_type=\"text-editor.default\">\n\t\t\t\t<div class=\"elementor-widget-container\">\n\t\t\t\t\t\t\t\t\t<p>Liebe Mitglieder\/innen,<br \/>in der am 15.05.2020 stattgefundenen ausserordentlichen Ausschusssitzung beschloss der TSV Ohrnberg einstimmig, <strong>dass der Sportbetrieb bis einschliesslich 15.06.2020 ausgesetzt bleibt<\/strong>. Es sind zwar Lockerungen m\u00f6glich, die Auflagen f\u00fcr einen Trainingsbetrieb sind sehr streng (unter freiem Himmel, Kleingruppen, Kontaktlos, Verantwortlicher pro Kleingruppe und Dokumentationspflicht) und f\u00fcr die Versammlung nicht zweckm\u00e4\u00dfig. Wir danken f\u00fcr Euer Verst\u00e4ndnis.<\/p><p>Rot-wei\u00dfe Gr\u00fc\u00dfe<\/p><p>TSV Ohrnberg \/ Vorstandschaft<\/p>\t\t\t\t\t\t\t\t<\/div>\n\t\t\t\t<\/div>\n\t\t\t\t\t<\/div>\n\t\t<\/div>\n\t\t\t\t\t<\/div>\n\t\t<\/section>\n\t\t\t\t<section class=\"elementor-section elementor-top-section elementor-element elementor-element-1cb3769 elementor-section-boxed elementor-section-height-default elementor-section-height-default\" data-id=\"1cb3769\" data-element_type=\"section\" data-e-type=\"section\">\n\t\t\t\t\t\t<div class=\"elementor-container elementor-column-gap-default\">\n\t\t\t\t\t<div class=\"elementor-column elementor-col-100 elementor-top-column elementor-element elementor-element-760e0a7\" data-id=\"760e0a7\" data-element_type=\"column\" data-e-type=\"column\">\n\t\t\t<div class=\"elementor-widget-wrap elementor-element-populated\">\n\t\t\t\t\t\t<div class=\"elementor-element elementor-element-2bbddbf elementor-widget elementor-widget-heading\" data-id=\"2bbddbf\" data-element_type=\"widget\" data-e-type=\"widget\" data-widget_type=\"heading.default\">\n\t\t\t\t<div class=\"elementor-widget-container\">\n\t\t\t\t\t<h2 class=\"elementor-heading-title elementor-size-default\">Information der Vorstandschaft (08.05.2020)<\/h2>\t\t\t\t<\/div>\n\t\t\t\t<\/div>\n\t\t\t\t<div class=\"elementor-element elementor-element-6e36f62 elementor-widget elementor-widget-text-editor\" data-id=\"6e36f62\" data-element_type=\"widget\" data-e-type=\"widget\" data-widget_type=\"text-editor.default\">\n\t\t\t\t<div class=\"elementor-widget-container\">\n\t\t\t\t\t\t\t\t\t<p>Corona hat unser Leben weiterhin fest im Griff. Dank der schnellen Ma\u00dfnahmen und der Disziplin der meisten Menschen sind die aktuellen Zahlen r\u00fcckl\u00e4ufig. Lockerungen in nahezu allen Bereichen sind in Kraft bzw. in Planung. Viele Entscheidungen sind nun L\u00e4ndersache &#8211; so auch die Entscheidungen im Breitensport. Dieser ist im Freien und unter strengen Infektionsschutzvorgaben voraussichtlich ab 11. Mai wieder m\u00f6glich. Die Einhaltung und Umsetzung dieser strengen Vorgaben pr\u00fcfen wir aktuell. Bitte habt Verst\u00e4ndnis, dass wir uns mit dem Sportbetrieb innerhalb des Vereins noch ein wenig gedulden m\u00fcssen.<\/p><p>Passt weiterhin gut auf Euch auf<\/p><p>TSV Ohrnberg \/ Vorstandschaft<\/p><p><a href=\"https:\/\/www.baden-wuerttemberg.de\/de\/service\/presse\/pressemitteilung\/pid\/breiten-und-leistungssport-im-freien-voraussichtlich-ab-11-mai-wieder-moeglich\/\">https:\/\/www.baden-wuerttemberg.de\/de\/service\/presse\/pressemitteilung\/pid\/breiten-und-leistungssport-im-freien-voraussichtlich-ab-11-mai-wieder-moeglich\/<\/a><span style=\"display: inline !important; float: none; background-color: #ffffff; color: #000000; font-family: Verdana; font-size: 12px; font-style: normal; font-variant: normal; font-weight: 400; letter-spacing: normal; orphans: 2; text-align: left; text-decoration: none; text-indent: 0px; text-transform: none; -webkit-text-stroke-width: 0px; white-space: normal; word-spacing: 0px;\"><br \/><\/span><\/p>\t\t\t\t\t\t\t\t<\/div>\n\t\t\t\t<\/div>\n\t\t\t\t\t<\/div>\n\t\t<\/div>\n\t\t\t\t\t<\/div>\n\t\t<\/section>\n\t\t\t\t<section class=\"elementor-section elementor-top-section elementor-element elementor-element-d41854d elementor-section-boxed elementor-section-height-default elementor-section-height-default\" data-id=\"d41854d\" data-element_type=\"section\" data-e-type=\"section\">\n\t\t\t\t\t\t<div class=\"elementor-container elementor-column-gap-default\">\n\t\t\t\t\t<div class=\"elementor-column elementor-col-100 elementor-top-column elementor-element elementor-element-9bdb168\" data-id=\"9bdb168\" data-element_type=\"column\" data-e-type=\"column\">\n\t\t\t<div class=\"elementor-widget-wrap elementor-element-populated\">\n\t\t\t\t\t\t<div class=\"elementor-element elementor-element-1326baf elementor-widget elementor-widget-heading\" data-id=\"1326baf\" data-element_type=\"widget\" data-e-type=\"widget\" data-widget_type=\"heading.default\">\n\t\t\t\t<div class=\"elementor-widget-container\">\n\t\t\t\t\t<h2 class=\"elementor-heading-title elementor-size-large\">... und pl\u00f6tzlich ist alles anders ...<\/h2>\t\t\t\t<\/div>\n\t\t\t\t<\/div>\n\t\t\t\t\t<\/div>\n\t\t<\/div>\n\t\t\t\t\t<\/div>\n\t\t<\/section>\n\t\t\t\t<section class=\"elementor-section elementor-top-section elementor-element elementor-element-150a760 elementor-section-boxed elementor-section-height-default elementor-section-height-default\" data-id=\"150a760\" data-element_type=\"section\" data-e-type=\"section\">\n\t\t\t\t\t\t<div class=\"elementor-container elementor-column-gap-default\">\n\t\t\t\t\t<div class=\"elementor-column elementor-col-50 elementor-top-column elementor-element elementor-element-de9b630\" data-id=\"de9b630\" data-element_type=\"column\" data-e-type=\"column\">\n\t\t\t<div class=\"elementor-widget-wrap elementor-element-populated\">\n\t\t\t\t\t\t<div class=\"elementor-element elementor-element-5acc1a4 elementor-widget elementor-widget-text-editor\" data-id=\"5acc1a4\" data-element_type=\"widget\" data-e-type=\"widget\" data-widget_type=\"text-editor.default\">\n\t\t\t\t<div class=\"elementor-widget-container\">\n\t\t\t\t\t\t\t\t\t<p>[28.04.2020] <br \/>&#8230; seit M\u00e4rz 2020 gehen wir im Sportverein mit den neuartigen Coronavirus um. Anfangs bel\u00e4chelt f\u00fchrte es Deutschland letztendlich zum Shutdown. <br \/>Die Vorstandschaft des TSV Ohrnberg handelte schnell und besonnen und setzte ab dem 13.03.2020 den kompletten Trainings,- und Spielbetrieb bis vorerst 19.04. und sp\u00e4ter bis auf weiters aus. S\u00e4mtliche Einrichtungen des TSV wurden geschlossen, es herrscht Versammlungsverbot, auf 1,5m Abstand ist maximal der Kontakt zu einer nicht im Haushalt lebenden Person erlaubt.<\/p><p>Pl\u00f6tzlich reden wir nicht mehr \u00fcber Trainingsbeteilung sondern \u00fcber #stayathome, wir planen keinen Festlichkeit sondern social distancing und statt der Anzahl Ringe beachten wir eine Reproduktionszahl.\u00a0\u00a0<\/p><p>Eine kleine und nicht vollst\u00e4ndige Liste der ausgefallenen Veranstaltungen beim TSV Ohrnberg:\u00a0 <br \/>Binokelabend, Skiausfahrt, Jahreshauptversammlung, s\u00e4mtliche Training und Wettk\u00e4mpfe unserer Abteilungen Bogensport, Fu\u00dfball, Jugend und Turnen, der seit langem geplante Spieltag der Bambini in Ohrnberg, der Kulturausflug der AH nach Salzburg, die Maihocketse am 30.04.\/01.05 sowie das Public Viewing (verschoben auf 2021) und vieles mehr.<br \/>Unklar ist die Wiederaufnahme der Wettk\u00e4mpfe, f\u00fcr unser tolles Jugendzeltlager fehlt der Glaube an ein stattfinden. Die End-of-summer Party der Aktiven und selbst das Schlachtfest im November ist gef\u00e4hrdet.<\/p><div>Allesamt beliebte Veranstaltungen die wir sehr vermissen und letztendlich auch wirtschaftlich den Abteilungen, Gruppen und dem Hauptverein fehlen.<\/div><div>\u00a0<\/div>\t\t\t\t\t\t\t\t<\/div>\n\t\t\t\t<\/div>\n\t\t\t\t\t<\/div>\n\t\t<\/div>\n\t\t\t\t<div class=\"elementor-column elementor-col-50 elementor-top-column elementor-element elementor-element-bf7d791\" data-id=\"bf7d791\" data-element_type=\"column\" data-e-type=\"column\">\n\t\t\t<div class=\"elementor-widget-wrap elementor-element-populated\">\n\t\t\t\t\t\t<div class=\"elementor-element elementor-element-2c1c73a elementor-widget elementor-widget-heading\" data-id=\"2c1c73a\" data-element_type=\"widget\" data-e-type=\"widget\" data-widget_type=\"heading.default\">\n\t\t\t\t<div class=\"elementor-widget-container\">\n\t\t\t\t\t<h2 class=\"elementor-heading-title elementor-size-default\">So steht es geschrieben: <\/h2>\t\t\t\t<\/div>\n\t\t\t\t<\/div>\n\t\t\t\t<div class=\"elementor-element elementor-element-2a17854 elementor-widget elementor-widget-image\" data-id=\"2a17854\" data-element_type=\"widget\" data-e-type=\"widget\" data-widget_type=\"image.default\">\n\t\t\t\t<div class=\"elementor-widget-container\">\n\t\t\t\t\t\t\t\t\t\t\t\t\t\t\t<img fetchpriority=\"high\" decoding=\"async\" width=\"726\" height=\"1024\" src=\"https:\/\/tsv-ohrnberg.de\/wp-content\/uploads\/2020\/04\/Halle-gesperrt-726x1024.jpg\" class=\"attachment-large size-large wp-image-896\" alt=\"\" srcset=\"https:\/\/tsv-ohrnberg.de\/wp-content\/uploads\/2020\/04\/Halle-gesperrt-726x1024.jpg 726w, https:\/\/tsv-ohrnberg.de\/wp-content\/uploads\/2020\/04\/Halle-gesperrt-213x300.jpg 213w, https:\/\/tsv-ohrnberg.de\/wp-content\/uploads\/2020\/04\/Halle-gesperrt-768x1083.jpg 768w, https:\/\/tsv-ohrnberg.de\/wp-content\/uploads\/2020\/04\/Halle-gesperrt-1090x1536.jpg 1090w, https:\/\/tsv-ohrnberg.de\/wp-content\/uploads\/2020\/04\/Halle-gesperrt.jpg 1401w\" sizes=\"(max-width: 726px) 100vw, 726px\" \/>\t\t\t\t\t\t\t\t\t\t\t\t\t\t\t<\/div>\n\t\t\t\t<\/div>\n\t\t\t\t\t<\/div>\n\t\t<\/div>\n\t\t\t\t\t<\/div>\n\t\t<\/section>\n\t\t\t\t<section class=\"elementor-section elementor-top-section elementor-element elementor-element-c55b941 elementor-section-boxed elementor-section-height-default elementor-section-height-default\" data-id=\"c55b941\" data-element_type=\"section\" data-e-type=\"section\">\n\t\t\t\t\t\t<div class=\"elementor-container elementor-column-gap-default\">\n\t\t\t\t\t<div class=\"elementor-column elementor-col-100 elementor-top-column elementor-element elementor-element-ace084c\" data-id=\"ace084c\" data-element_type=\"column\" data-e-type=\"column\">\n\t\t\t<div class=\"elementor-widget-wrap elementor-element-populated\">\n\t\t\t\t\t\t<div class=\"elementor-element elementor-element-d6a3bd7 elementor-widget elementor-widget-heading\" data-id=\"d6a3bd7\" data-element_type=\"widget\" data-e-type=\"widget\" data-widget_type=\"heading.default\">\n\t\t\t\t<div class=\"elementor-widget-container\">\n\t\t\t\t\t<h2 class=\"elementor-heading-title elementor-size-default\">Es gibt aber auch witzige Meldungen zu Corona<\/h2>\t\t\t\t<\/div>\n\t\t\t\t<\/div>\n\t\t\t\t\t<\/div>\n\t\t<\/div>\n\t\t\t\t\t<\/div>\n\t\t<\/section>\n\t\t\t\t<section class=\"elementor-section elementor-top-section elementor-element elementor-element-24e72eb elementor-section-boxed elementor-section-height-default elementor-section-height-default\" data-id=\"24e72eb\" data-element_type=\"section\" data-e-type=\"section\">\n\t\t\t\t\t\t<div class=\"elementor-container elementor-column-gap-default\">\n\t\t\t\t\t<div class=\"elementor-column elementor-col-50 elementor-top-column elementor-element elementor-element-d7c799c\" data-id=\"d7c799c\" data-element_type=\"column\" data-e-type=\"column\">\n\t\t\t<div class=\"elementor-widget-wrap elementor-element-populated\">\n\t\t\t\t\t\t<div class=\"elementor-element elementor-element-626ed90 elementor-widget elementor-widget-text-editor\" data-id=\"626ed90\" data-element_type=\"widget\" data-e-type=\"widget\" data-widget_type=\"text-editor.default\">\n\t\t\t\t<div class=\"elementor-widget-container\">\n\t\t\t\t\t\t\t\t\t<p>Nachdem in Deutschland das Klopapier gehamstert wurde, nominierten pl\u00f6tzlich Vereine befreundete Vereine zur sogenannten Klopapierchallenge. M\u00f6glichst viele Menschen sollten ganz kreativ mit der Klorolle Fu\u00dfball spielen und quasi den &#8222;Klopapierball&#8220; via Video zu seinen Kameraden schie\u00dfen.<\/p><p>Auch die Aktiven des TSV Ohrnberg wurden nominiert, irgendwann die Jazzt\u00e4nzerinnen die wiederrum die AH nominerten. Alle haben bravor\u00f6s bestanden, doch seht selbst &#8230;<\/p><p>t<\/p>\t\t\t\t\t\t\t\t<\/div>\n\t\t\t\t<\/div>\n\t\t\t\t\t<\/div>\n\t\t<\/div>\n\t\t\t\t<div class=\"elementor-column elementor-col-50 elementor-top-column elementor-element elementor-element-1256ad7\" data-id=\"1256ad7\" data-element_type=\"column\" data-e-type=\"column\">\n\t\t\t<div class=\"elementor-widget-wrap elementor-element-populated\">\n\t\t\t\t\t\t<div class=\"elementor-element elementor-element-c862cd0 elementor-widget elementor-widget-video\" data-id=\"c862cd0\" data-element_type=\"widget\" data-e-type=\"widget\" data-settings=\"{&quot;video_type&quot;:&quot;hosted&quot;,&quot;controls&quot;:&quot;yes&quot;}\" data-widget_type=\"video.default\">\n\t\t\t\t<div class=\"elementor-widget-container\">\n\t\t\t\t\t\t\t<div class=\"e-hosted-video elementor-wrapper elementor-open-inline\">\n\t\t\t\t\t<video class=\"elementor-video\" src=\"https:\/\/tsv-ohrnberg.de\/wp-content\/uploads\/2020\/04\/VID-20200409-WA0002.mp4\" controls=\"\" preload=\"metadata\" controlsList=\"nodownload\"><\/video>\n\t\t\t\t<\/div>\n\t\t\t\t\t\t<\/div>\n\t\t\t\t<\/div>\n\t\t\t\t\t<\/div>\n\t\t<\/div>\n\t\t\t\t\t<\/div>\n\t\t<\/section>\n\t\t\t\t<section class=\"elementor-section elementor-top-section elementor-element elementor-element-53b77b3 elementor-section-boxed elementor-section-height-default elementor-section-height-default\" data-id=\"53b77b3\" data-element_type=\"section\" data-e-type=\"section\">\n\t\t\t\t\t\t<div class=\"elementor-container elementor-column-gap-default\">\n\t\t\t\t\t<div class=\"elementor-column elementor-col-50 elementor-top-column elementor-element elementor-element-2b4afef\" data-id=\"2b4afef\" data-element_type=\"column\" data-e-type=\"column\">\n\t\t\t<div class=\"elementor-widget-wrap elementor-element-populated\">\n\t\t\t\t\t\t<div class=\"elementor-element elementor-element-ab88404 elementor-widget elementor-widget-video\" data-id=\"ab88404\" data-element_type=\"widget\" data-e-type=\"widget\" data-settings=\"{&quot;video_type&quot;:&quot;hosted&quot;,&quot;controls&quot;:&quot;yes&quot;}\" data-widget_type=\"video.default\">\n\t\t\t\t<div class=\"elementor-widget-container\">\n\t\t\t\t\t\t\t<div class=\"e-hosted-video elementor-wrapper elementor-open-inline\">\n\t\t\t\t\t<video class=\"elementor-video\" src=\"https:\/\/tsv-ohrnberg.de\/wp-content\/uploads\/2020\/04\/VID-20200425-WA0011.mp4\" controls=\"\" preload=\"metadata\" controlsList=\"nodownload\"><\/video>\n\t\t\t\t<\/div>\n\t\t\t\t\t\t<\/div>\n\t\t\t\t<\/div>\n\t\t\t\t\t<\/div>\n\t\t<\/div>\n\t\t\t\t<div class=\"elementor-column elementor-col-50 elementor-top-column elementor-element elementor-element-72a4b05\" data-id=\"72a4b05\" data-element_type=\"column\" data-e-type=\"column\">\n\t\t\t<div class=\"elementor-widget-wrap elementor-element-populated\">\n\t\t\t\t\t\t<div class=\"elementor-element elementor-element-6be4750 elementor-widget elementor-widget-video\" data-id=\"6be4750\" data-element_type=\"widget\" data-e-type=\"widget\" data-settings=\"{&quot;video_type&quot;:&quot;hosted&quot;,&quot;controls&quot;:&quot;yes&quot;}\" data-widget_type=\"video.default\">\n\t\t\t\t<div class=\"elementor-widget-container\">\n\t\t\t\t\t\t\t<div class=\"e-hosted-video elementor-wrapper elementor-open-inline\">\n\t\t\t\t\t<video class=\"elementor-video\" src=\"https:\/\/tsv-ohrnberg.de\/wp-content\/uploads\/2020\/04\/VID-20200426-WA0018.mp4\" controls=\"\" preload=\"metadata\" controlsList=\"nodownload\"><\/video>\n\t\t\t\t<\/div>\n\t\t\t\t\t\t<\/div>\n\t\t\t\t<\/div>\n\t\t\t\t\t<\/div>\n\t\t<\/div>\n\t\t\t\t\t<\/div>\n\t\t<\/section>\n\t\t\t\t<section class=\"elementor-section elementor-top-section elementor-element elementor-element-8f469e5 elementor-section-boxed elementor-section-height-default elementor-section-height-default\" data-id=\"8f469e5\" data-element_type=\"section\" data-e-type=\"section\">\n\t\t\t\t\t\t<div class=\"elementor-container elementor-column-gap-default\">\n\t\t\t\t\t<div class=\"elementor-column elementor-col-50 elementor-top-column elementor-element elementor-element-b27257d\" data-id=\"b27257d\" data-element_type=\"column\" data-e-type=\"column\">\n\t\t\t<div class=\"elementor-widget-wrap elementor-element-populated\">\n\t\t\t\t\t\t<div class=\"elementor-element elementor-element-10c6ffc elementor-widget elementor-widget-heading\" data-id=\"10c6ffc\" data-element_type=\"widget\" data-e-type=\"widget\" data-widget_type=\"heading.default\">\n\t\t\t\t<div class=\"elementor-widget-container\">\n\t\t\t\t\t<h2 class=\"elementor-heading-title elementor-size-default\">Information der Vorstandschaft (07.04.2020)<\/h2>\t\t\t\t<\/div>\n\t\t\t\t<\/div>\n\t\t\t\t<div class=\"elementor-element elementor-element-7086d73 elementor-widget elementor-widget-text-editor\" data-id=\"7086d73\" data-element_type=\"widget\" data-e-type=\"widget\" data-widget_type=\"text-editor.default\">\n\t\t\t\t<div class=\"elementor-widget-container\">\n\t\t\t\t\t\t\t\t\t<p>Liebe Mitglieder\/innen,<\/p><p>nun gehen wir bereits in die dritte Woche Corona-Ausnahmezustand.<\/p><p>Jeder macht daheim und im Beruf seine eigenen Erfahrungen zu dem Thema. Schulausfall f\u00fcr die J\u00fcngeren seit zwei Wochen, Homeoffice f\u00fcr Berufst\u00e4tige oder aber Kurzarbeit und damit verbundene Sorgen um den Arbeitsplatz treiben viele um. Der auf ein Minimum und ungewohnt reduzierte soziale Umgang mit Freunden und dem Bekanntenkreis, in der Familie und auch im Sportverein, ist f\u00fcr uns alle eine seltsame Erfahrung. War die Gefahr durch das Corona-Virus bis vor wenigen Wochen noch ein diffuses und abstraktes, eher mulmiges Gef\u00fchl, bekommen wir die Auswirkungen im Umgang miteinander heute jeder am eigenen Leib zu sp\u00fcren. Erste und hoffentlich nur wenige Erkrankte in unserem Umfeld unterstreichen den Ernst der Lage.<\/p><p>An der Anzahl der neben dem eigentlichen Spiel- und Trainingsbetrieb ausgefallenen Veranstaltungen wird die gesellschaftliche Bedeutung unseres TSV Ohrnberg auch au\u00dferhalb des Sportbetriebs deutlich. Jahreshauptversammlung, Binokel Abend, Wei\u00dfwurstfr\u00fchst\u00fcck, geselliges Zusammensein beim Bundesliga-Nachmittag oder Fr\u00fchschoppen sind nur einige der ausgefallenen Termine. Bei dem aktuell sch\u00f6nen Wetter kann man sich den ersten Mai ohne gemeinsame Wanderung und Einkehr bei einer Maihocketse gar nicht so recht vorstellen. Was gestern noch selbstverst\u00e4ndlich war und uns heute fehlt, hat schon jetzt an Wert deutlich hinzugewonnen.<\/p><p>Wir werden es zusammen schaffen, diese Krise zu \u00fcberwinden. Denn nur die breit angelegten aktuellen Verhaltensregeln zur Eind\u00e4mmung des Virus und die Mitwirkung jedes Einzelnen in der Gesellschaft werden dazu f\u00fchren, dass wir m\u00f6glichst bald wieder auch zu unserem vermissten Vereinsleben zur\u00fcckkehren k\u00f6nnen. Nachdem bekanntlich jede Krise gleichzeitig auch eine neue Chance bietet, haben wir gute Hoffnung, dass unsere zuverl\u00e4ssige TSV Gemeinschaft nach der Krise als sozialer Kitt dem Einzelnen zur\u00fcck zur Normalit\u00e4t hilft und wir im Sinne eines gro\u00dfartigen Teamgeistes gest\u00e4rkt aus dieser Zeit zur\u00fcckkehren.<\/p><p>Das Jahresberichtsheft war fast fertiggestellt zur am 20.3.2020 ausgefallenen JHV. An dieser Stelle ver\u00f6ffentlichen wir daraus wenigstens die inzwischen Tradition gewordene \u201eletzte Seite\u201c. Sie ist entstanden am 8.3.2020. Beim Lesen kann man zwar kaum fassen, was sich in den letzten wenigen Wochen alles ge\u00e4ndert hat. Aber beim R\u00fcckblick auf das Jahr 2019 und der immer noch g\u00fcltigen Vorfreude auf unser Jubil\u00e4umsjahr 2021 ist die \u201eletzte Seite\u201c auch ein Lebenszeichen des TSV aus dieser weltweiten Krise und soll daran erinnern, dass es hoffentlich auch bald vor\u00fcber ist mit Ausgangsbeschr\u00e4nkungen &amp; Co. Die Jahreshauptversammlung holen wir zu gegebener Zeit nach und das Berichtsheft ist bis dahin sicher fertiggestellt. Die \u201eletzte Seite\u201c werden wir dann hoffentlich aktualisieren d\u00fcrfen mit guten Nachrichten, wie wir die Corona-Krise \u00fcberstanden haben.<\/p><p>Wir w\u00fcnschen allen viel Zuversicht und Gesundheit, wo n\u00f6tig auch eine gute Besserung und rasche Genesung!<\/p><p>Bleibt gesund und haltet euch fit,<\/p><p>TSV Ohrnberg<br \/>Martin Poddig\u00a0\u00a0\u00a0\u00a0\u00a0\u00a0\u00a0\u00a0\u00a0\u00a0\u00a0\u00a0\u00a0\u00a0\u00a0\u00a0 Andreas M\u00fcller\u00a0\u00a0\u00a0\u00a0\u00a0\u00a0\u00a0\u00a0\u00a0\u00a0\u00a0\u00a0\u00a0\u00a0\u00a0\u00a0 Sophia Coyle<\/p>\t\t\t\t\t\t\t\t<\/div>\n\t\t\t\t<\/div>\n\t\t\t\t\t<\/div>\n\t\t<\/div>\n\t\t\t\t<div class=\"elementor-column elementor-col-50 elementor-top-column elementor-element elementor-element-bf306e8\" data-id=\"bf306e8\" data-element_type=\"column\" data-e-type=\"column\">\n\t\t\t<div class=\"elementor-widget-wrap elementor-element-populated\">\n\t\t\t\t\t\t<div class=\"elementor-element elementor-element-b38c52b elementor-widget elementor-widget-heading\" data-id=\"b38c52b\" data-element_type=\"widget\" data-e-type=\"widget\" data-widget_type=\"heading.default\">\n\t\t\t\t<div class=\"elementor-widget-container\">\n\t\t\t\t\t<h2 class=\"elementor-heading-title elementor-size-default\">\"Letzte Seite\" vom 08.03.2020 (f\u00fcr die JHV)<\/h2>\t\t\t\t<\/div>\n\t\t\t\t<\/div>\n\t\t\t\t<div class=\"elementor-element elementor-element-2924f64 elementor-widget elementor-widget-text-editor\" data-id=\"2924f64\" data-element_type=\"widget\" data-e-type=\"widget\" data-widget_type=\"text-editor.default\">\n\t\t\t\t<div class=\"elementor-widget-container\">\n\t\t\t\t\t\t\t\t\t<div><em>Im R\u00fcckblick auf das Jahr 2019 k\u00f6nnen wir erfreut feststellen, dass wir mit personellen \u00c4nderungen gut gestartet sind und durch M\u00fchen und Flei\u00df aller, insbesondere aber auch Einzelner, mit der Vereinsarbeit auf dem Laufenden sind.<\/em><\/div><div>\u00a0<\/div><div><em>Besonders herzlicher Dank verbunden mit den besten W\u00fcnschen geht heute an dieser Stelle an unseren Ehrenvorsitzenden Alfred Hirth, der bis 2019 gef\u00fchlt schon immer Kassier und \u201eZentrale\u201c des TSV Ohrnberg war. Das wohl wichtigste Amt eines Vereins hat Alfred erfolgreich an Sophia Coyle \u00fcbergeben, die bei der letzten Jahreshauptversammlung zu seiner Nachfolgerin gew\u00e4hlt wurde. Ebenso haben sich die neu gew\u00e4hlten Sabrina Kollmar als Jugendleiterin und Jan Hiller als freies Ausschussmitglied sehr gut in ihre Positionen eingearbeitet. Mit Blick auf den Vereinsausschuss haben wir eine ganze Reihe von Fachleuten an Bord, die ihre pers\u00f6nlichen Ausbildungen zum Nutzen der Gemeinschaft mit Erfolg einbringen, sei es in der Jugendarbeit oder der Verwaltung des TSV Ohrnberg.<\/em><\/div><div>\u00a0<\/div><div><em>Nur mit einer Vielzahl an Freiwilligen ist es m\u00f6glich, dass der TSV Ohrnberg als zentrale Einrichtung und sozialer Kitt in unserem Dorf und dem legend\u00e4ren OM\u00f6Ba Dreieck funktioniert. Sicher steht der Sport im Vordergrund, ist aber neben den gesellschaftlichen und geselligen Veranstaltungen bei weitem nicht der einzige Antrieb.<\/em><\/div><div><em><strong>Vielen Dank an alle, die unseren TSV aktiv und passiv unterst\u00fctzen!<\/strong><\/em><\/div><div>\u00a0<\/div><div><em>Eine der zuk\u00fcnftigen Herausforderungen wird es sein, das Breitensportangebot auf aktuellem und attraktivem Niveau zu halten. Schon heute zeigt sich, dass es daf\u00fcr qualifizierte \u00dcbungsleiter-\/innen braucht, die sich eben nicht mehr ausschlie\u00dflich auf ehrenamtlicher Basis in den eigenen Reihen finden lassen. F\u00fcr uns gilt es, die richtige Balance zu finden zwischen Angeboten f\u00fcr Kinder und Jugendliche, die durch den Jahresbeitrag abgedeckt sind. Zusatzangebote f\u00fcr Erwachsene (z.B. Tanzkurs, Lauftreff 0 auf 10, Zumba, \u2026) haben bereits 2019 zunehmenden Erfolg, erfordern aber m\u00f6glicherweise einen extra Beitrag f\u00fcr die Teilnehmenden.<\/em><\/div><div>\u00a0<\/div><div><em>So schnell wie das Jahr 2019 an uns vor\u00fcbergezogen ist, kommt mit gro\u00dfer Freude auch das Jubil\u00e4umsjahr auf uns zu. Der Festausschuss 2021 ist bereits eifrig am Planen und trifft Vorbereitungen zu einem unvergesslichen Fest f\u00fcr n\u00e4chstes Jahr. Mitwirkende sind weiterhin herzlich willkommen. Auch am neuen Internetauftritt wird gearbeitet und wir wollen diesen in den n\u00e4chsten Wochen mit Unterst\u00fctzung von Jonas Winter fertig haben. Danke, Rost!<\/em><\/div><div><em>F\u00fcr alle Sportler sollte das anstehende Jubil\u00e4um eine hervorragende Motivation sein, um an der einen oder anderen Stelle noch etwas herauszuholen. Unseren aktiven Fu\u00dfballern gelingt es hoffentlich, die missgl\u00fcckte Vorrunde abzuhaken und mit Trainingsflei\u00df und Engagement sich selbst und den Zuschauern die richtige Antwort auf offene Fragen zu geben. Wir w\u00fcnschen euch jedenfalls eine gute R\u00fcckrunde nach dem Motto: \u201eentscheidend ist auf\u00b4m Platz!\u201c. Auch mit den Bogensch\u00fctzen hat es gute Gespr\u00e4che gegeben \u00fcber gegenseitige W\u00fcnsche und Vorstellungen, wie wir in Zukunft die Zusammenarbeit noch besser gestalten k\u00f6nnen. Somit scheinen wir auch dort auf dem richtigen Weg zu sein.<\/em><\/div><div>\u00a0<\/div><div><em>In den kommenden Tagen und Wochen h\u00e4lt uns jedoch erst einmal \u201eCorona\u201c in Atem. Es landen verst\u00e4ndlicherweise auch im Vorstand Fragen, wie mit der Virus-Epidemie umgegangen werden soll und ob die eine oder andere Veranstaltung nicht besser abgesagt wird. Von Vereinsseite k\u00f6nnen wir uns derzeit nur an beh\u00f6rdliche Empfehlungen halten. Es bleibt vor allem den Eltern \u00fcberlassen, ob sie ihre Kinder ins Training schicken wollen oder nicht. Hygienetipps f\u00fcr den Einzelnen sind auf allen Kan\u00e4len im privaten Bereich ver\u00f6ffentlicht und wir appellieren, dass sich alle daran halten. Verbote von Veranstaltungen sind Stand heute (8.3.2020) noch kein Thema. Jedoch werden wir das in n\u00e4chster Zeit tagesaktuell im Auge behalten m\u00fcssen und bei Bedarf entsprechend handeln.\u00a0<\/em><\/div><div>\u00a0<\/div><div><em>Nochmals herzlichen Dank an alle Unterst\u00fctzer, Helfer, Fans und Sportler f\u00fcr den guten Zusammenhalt in unserem TSV Ohrnberg im zur\u00fcckliegenden Vereinsjahr. Wir freuen uns auf ein gutes 2020 und w\u00fcnschen euch vor allem eine gesunde Zeit und viel Freude in eurem Sportverein!\u00a0\u00a0<\/em><\/div><div>\u00a0<\/div><div><em>Mit sportlichen Gr\u00fc\u00dfen<\/em><\/div><div>\u00a0<\/div><p><em>TSV Ohrnberg<\/em><br \/><em>Martin Poddig\u00a0\u00a0\u00a0\u00a0\u00a0\u00a0\u00a0\u00a0\u00a0\u00a0\u00a0\u00a0\u00a0\u00a0\u00a0\u00a0 Andreas M\u00fcller\u00a0\u00a0\u00a0\u00a0\u00a0\u00a0\u00a0\u00a0\u00a0\u00a0\u00a0\u00a0\u00a0\u00a0\u00a0\u00a0 Sophia Coyle<\/em><\/p><div>\u00a0<\/div><div>\u00a0<\/div><div>\u00a0<\/div><div>\u00a0<\/div>\t\t\t\t\t\t\t\t<\/div>\n\t\t\t\t<\/div>\n\t\t\t\t\t<\/div>\n\t\t<\/div>\n\t\t\t\t\t<\/div>\n\t\t<\/section>\n\t\t\t\t<\/div>\n\t\t","protected":false},"excerpt":{"rendered":"<p>COVID-19 Lockerungen in Sicht (18.02.2022) Es besteht Hoffnung auf ein Ende der strengen Ma\u00dfnahmen. Bereits jetzt ist die Dokumentationspflicht der Teilnehmer aufgehoben, Maskenpflicht, 2G und 3G Regelungen bleiben aber aktiv. Neues Hygienekonzept und Freigabe Halle (21.09.2020) Ab dem 22.09.2020 tritt das neue Hygienekonzept des TSV Ohrnberg in Kraft. Das Konzept ist freigegeben von der Stadt [&hellip;]<\/p>\n","protected":false},"author":1,"featured_media":0,"parent":0,"menu_order":0,"comment_status":"closed","ping_status":"closed","template":"","meta":{"_monsterinsights_skip_tracking":false,"_monsterinsights_sitenote_active":false,"_monsterinsights_sitenote_note":"","_monsterinsights_sitenote_category":0,"footnotes":""},"class_list":["post-887","page","type-page","status-publish","hentry","entry"],"_links":{"self":[{"href":"https:\/\/tsv-ohrnberg.de\/index.php\/wp-json\/wp\/v2\/pages\/887","targetHints":{"allow":["GET"]}}],"collection":[{"href":"https:\/\/tsv-ohrnberg.de\/index.php\/wp-json\/wp\/v2\/pages"}],"about":[{"href":"https:\/\/tsv-ohrnberg.de\/index.php\/wp-json\/wp\/v2\/types\/page"}],"author":[{"embeddable":true,"href":"https:\/\/tsv-ohrnberg.de\/index.php\/wp-json\/wp\/v2\/users\/1"}],"replies":[{"embeddable":true,"href":"https:\/\/tsv-ohrnberg.de\/index.php\/wp-json\/wp\/v2\/comments?post=887"}],"version-history":[{"count":32,"href":"https:\/\/tsv-ohrnberg.de\/index.php\/wp-json\/wp\/v2\/pages\/887\/revisions"}],"predecessor-version":[{"id":1661,"href":"https:\/\/tsv-ohrnberg.de\/index.php\/wp-json\/wp\/v2\/pages\/887\/revisions\/1661"}],"wp:attachment":[{"href":"https:\/\/tsv-ohrnberg.de\/index.php\/wp-json\/wp\/v2\/media?parent=887"}],"curies":[{"name":"wp","href":"https:\/\/api.w.org\/{rel}","templated":true}]}}