{"id":813,"date":"2020-04-26T10:19:56","date_gmt":"2020-04-26T10:19:56","guid":{"rendered":"https:\/\/tsv-ohrnberg.de\/?page_id=813"},"modified":"2023-09-30T13:27:34","modified_gmt":"2023-09-30T13:27:34","slug":"jugend","status":"publish","type":"page","link":"https:\/\/tsv-ohrnberg.de\/index.php\/jugend\/","title":{"rendered":"Jugend"},"content":{"rendered":"\t\t<div data-elementor-type=\"wp-page\" data-elementor-id=\"813\" class=\"elementor elementor-813\">\n\t\t\t\t\t\t<section class=\"elementor-section elementor-top-section elementor-element elementor-element-a3ee4f1 elementor-section-boxed elementor-section-height-default elementor-section-height-default\" data-id=\"a3ee4f1\" data-element_type=\"section\" data-e-type=\"section\" data-settings=\"{&quot;background_background&quot;:&quot;classic&quot;}\">\n\t\t\t\t\t\t<div class=\"elementor-container elementor-column-gap-default\">\n\t\t\t\t\t<div class=\"elementor-column elementor-col-100 elementor-top-column elementor-element elementor-element-78cb49f\" data-id=\"78cb49f\" data-element_type=\"column\" data-e-type=\"column\">\n\t\t\t<div class=\"elementor-widget-wrap elementor-element-populated\">\n\t\t\t\t\t\t<div class=\"elementor-element elementor-element-47931b6 elementor-widget elementor-widget-spacer\" data-id=\"47931b6\" data-element_type=\"widget\" data-e-type=\"widget\" data-widget_type=\"spacer.default\">\n\t\t\t\t<div class=\"elementor-widget-container\">\n\t\t\t\t\t\t\t<div class=\"elementor-spacer\">\n\t\t\t<div class=\"elementor-spacer-inner\"><\/div>\n\t\t<\/div>\n\t\t\t\t\t\t<\/div>\n\t\t\t\t<\/div>\n\t\t\t\t<div class=\"elementor-element elementor-element-cabf08f elementor-widget elementor-widget-heading\" data-id=\"cabf08f\" data-element_type=\"widget\" data-e-type=\"widget\" data-widget_type=\"heading.default\">\n\t\t\t\t<div class=\"elementor-widget-container\">\n\t\t\t\t\t<h2 class=\"elementor-heading-title elementor-size-default\">Jugend<\/h2>\t\t\t\t<\/div>\n\t\t\t\t<\/div>\n\t\t\t\t<div class=\"elementor-element elementor-element-3d8e1d9 elementor-widget elementor-widget-spacer\" data-id=\"3d8e1d9\" data-element_type=\"widget\" data-e-type=\"widget\" data-widget_type=\"spacer.default\">\n\t\t\t\t<div class=\"elementor-widget-container\">\n\t\t\t\t\t\t\t<div class=\"elementor-spacer\">\n\t\t\t<div class=\"elementor-spacer-inner\"><\/div>\n\t\t<\/div>\n\t\t\t\t\t\t<\/div>\n\t\t\t\t<\/div>\n\t\t\t\t\t<\/div>\n\t\t<\/div>\n\t\t\t\t\t<\/div>\n\t\t<\/section>\n\t\t\t\t<section class=\"elementor-section elementor-top-section elementor-element elementor-element-cd62a96 elementor-section-boxed elementor-section-height-default elementor-section-height-default\" data-id=\"cd62a96\" data-element_type=\"section\" data-e-type=\"section\">\n\t\t\t\t\t\t<div class=\"elementor-container elementor-column-gap-default\">\n\t\t\t\t\t<div class=\"elementor-column elementor-col-100 elementor-top-column elementor-element elementor-element-23be07c\" data-id=\"23be07c\" data-element_type=\"column\" data-e-type=\"column\">\n\t\t\t<div class=\"elementor-widget-wrap elementor-element-populated\">\n\t\t\t\t\t\t<div class=\"elementor-element elementor-element-ab99d78 elementor-widget elementor-widget-heading\" data-id=\"ab99d78\" data-element_type=\"widget\" data-e-type=\"widget\" data-widget_type=\"heading.default\">\n\t\t\t\t<div class=\"elementor-widget-container\">\n\t\t\t\t\t<h2 class=\"elementor-heading-title elementor-size-default\">Aktuelle Termine:<\/h2>\t\t\t\t<\/div>\n\t\t\t\t<\/div>\n\t\t\t\t<div class=\"elementor-element elementor-element-36b64c1 elementor-widget elementor-widget-text-editor\" data-id=\"36b64c1\" data-element_type=\"widget\" data-e-type=\"widget\" data-widget_type=\"text-editor.default\">\n\t\t\t\t<div class=\"elementor-widget-container\">\n\t\t\t\t\t\t\t\t\t<p>02.11.2023 Jugendversammlung<\/p><p>09.12.2023 Jugendweihnachtsfeier<\/p><p>29.12.2023 Jahresabschluss<\/p><p>04.02.2024 Kinder-und Jugendfasching<\/p>\t\t\t\t\t\t\t\t<\/div>\n\t\t\t\t<\/div>\n\t\t\t\t<div class=\"elementor-element elementor-element-b0a1bc0 elementor-align-center elementor-widget elementor-widget-button\" data-id=\"b0a1bc0\" data-element_type=\"widget\" data-e-type=\"widget\" data-widget_type=\"button.default\">\n\t\t\t\t<div class=\"elementor-widget-container\">\n\t\t\t\t\t\t\t\t\t<div class=\"elementor-button-wrapper\">\n\t\t\t\t\t<a class=\"elementor-button elementor-button-link elementor-size-lg\" href=\"#\">\n\t\t\t\t\t\t<span class=\"elementor-button-content-wrapper\">\n\t\t\t\t\t\t\t\t\t<span class=\"elementor-button-text\">Unsere monatlichen Jugendaktionen findet ihr in der Men\u00fcleiste unter \"Veranstaltungen Jugend\"<\/span>\n\t\t\t\t\t<\/span>\n\t\t\t\t\t<\/a>\n\t\t\t\t<\/div>\n\t\t\t\t\t\t\t\t<\/div>\n\t\t\t\t<\/div>\n\t\t\t\t\t<\/div>\n\t\t<\/div>\n\t\t\t\t\t<\/div>\n\t\t<\/section>\n\t\t\t\t<section class=\"elementor-section elementor-top-section elementor-element elementor-element-23df06c elementor-section-boxed elementor-section-height-default elementor-section-height-default\" data-id=\"23df06c\" data-element_type=\"section\" data-e-type=\"section\">\n\t\t\t\t\t\t<div class=\"elementor-container elementor-column-gap-default\">\n\t\t\t\t\t<div class=\"elementor-column elementor-col-33 elementor-top-column elementor-element elementor-element-f9af95c\" data-id=\"f9af95c\" data-element_type=\"column\" data-e-type=\"column\">\n\t\t\t<div class=\"elementor-widget-wrap elementor-element-populated\">\n\t\t\t\t\t\t<div class=\"elementor-element elementor-element-76c2e63 elementor-widget elementor-widget-heading\" data-id=\"76c2e63\" data-element_type=\"widget\" data-e-type=\"widget\" data-widget_type=\"heading.default\">\n\t\t\t\t<div class=\"elementor-widget-container\">\n\t\t\t\t\t<h2 class=\"elementor-heading-title elementor-size-default\">Hallo Kids,<\/h2>\t\t\t\t<\/div>\n\t\t\t\t<\/div>\n\t\t\t\t<div class=\"elementor-element elementor-element-8593902 elementor-widget elementor-widget-text-editor\" data-id=\"8593902\" data-element_type=\"widget\" data-e-type=\"widget\" data-widget_type=\"text-editor.default\">\n\t\t\t\t<div class=\"elementor-widget-container\">\n\t\t\t\t\t\t\t\t\t<p>Wir sind die Jugendabteilung des TSV Ohrnberg.<br \/>Wir planen Programme f\u00fcr die Jugend und gestalten das komplette Jugendleben beim TSV Ohrnberg.<\/p><p>F\u00fcr alle Kinder und Jugendlichen bieten wir Kinderturnen, Fu\u00dfball, Jazztanz oder Bogenschie\u00dfen an. Mehr dazu findet Ihr in der Men\u00fcleiste.<\/p><p>Und nat\u00fcrlich gibt es auch einige tolle Events!<br \/>Jugendzeltlager, Fu\u00dfballtag und Weihnachtsfeier sind nur ein paar wenige Highlights, die jedes Jahr f\u00fcr euch stattfinden.<br \/>Schaut doch direkt einmal unter den Jugendveranstaltungen nach.<br \/><br \/>Ihr habt W\u00fcnsche f\u00fcr das Programm? Anregungen, Kritik oder Fragen?<br \/>Dann her damit. Wir beantworten euch diese gerne. Schreibt uns einfach in Facebook oder meldet euch bei der Jugendleitung oder bei den Jugendsprechern.<\/p>\t\t\t\t\t\t\t\t<\/div>\n\t\t\t\t<\/div>\n\t\t\t\t\t<\/div>\n\t\t<\/div>\n\t\t\t\t<div class=\"elementor-column elementor-col-33 elementor-top-column elementor-element elementor-element-e59ff45\" data-id=\"e59ff45\" data-element_type=\"column\" data-e-type=\"column\">\n\t\t\t<div class=\"elementor-widget-wrap elementor-element-populated\">\n\t\t\t\t\t\t<div class=\"elementor-element elementor-element-69e84f2 elementor-widget elementor-widget-heading\" data-id=\"69e84f2\" data-element_type=\"widget\" data-e-type=\"widget\" data-widget_type=\"heading.default\">\n\t\t\t\t<div class=\"elementor-widget-container\">\n\t\t\t\t\t<h2 class=\"elementor-heading-title elementor-size-default\">Highlight:<\/h2>\t\t\t\t<\/div>\n\t\t\t\t<\/div>\n\t\t\t\t<div class=\"elementor-element elementor-element-08e8150 elementor-widget elementor-widget-text-editor\" data-id=\"08e8150\" data-element_type=\"widget\" data-e-type=\"widget\" data-widget_type=\"text-editor.default\">\n\t\t\t\t<div class=\"elementor-widget-container\">\n\t\t\t\t\t\t\t\t\t<p><strong><span style=\"color: #ff0000;\">!!!! Die Planung f\u00fcr den Sprungbuden Ausflug 2023 l\u00e4uft !!!!<\/span><\/strong><\/p><p><span style=\"font-size: 14px; color: var( --e-global-color-text );\"><b>Jugendausflug in die Sprungbude Bad Cannstatt\u00a0<br \/><\/b><strong>\u00a0 \u00a0 \u00a0 \u00a0 \u00a0 \u00a0 \u00a0 \u00a0 ***Exklusiv f\u00fcr uns gemietet***<\/strong><\/span><\/p><p>Wir m\u00f6chten am Samstag 26. November 2022 mit euch Kindern und Jugendlichen nach Stuttgart fahren.<br \/>Unser Ziel ist die Sprungbude Bad Cannstatt.<br \/>Diese haben wir als &#8222;Vereinssprung-Event&#8220; komplett gemietet und somit k\u00f6nnen alle Kinder ab drei Jahren am Ausflug teilnehmen.<\/p><p>Wir treffen uns morgens um 8 Uhr an der Turnhalle. Von dort fahren wir mit zwei Bussen los nach Bad Cannstatt. Dort bekommen wir eine kurze Einweisung und k\u00f6nnen dann von\u00a0 <br \/>10-12 Uhr springen und eine bewegte Zeit haben.\u00a0<br \/>F\u00fcr die St\u00e4rkung danach ist nat\u00fcrlich auch gesorgt.<\/p><p>Wir freuen uns auf einen tollen, actionreichen Tag mit Euch!<\/p>\t\t\t\t\t\t\t\t<\/div>\n\t\t\t\t<\/div>\n\t\t\t\t<div class=\"elementor-element elementor-element-3778e7f elementor-widget elementor-widget-image\" data-id=\"3778e7f\" data-element_type=\"widget\" data-e-type=\"widget\" data-widget_type=\"image.default\">\n\t\t\t\t<div class=\"elementor-widget-container\">\n\t\t\t\t\t\t\t\t\t\t\t\t\t\t\t<img fetchpriority=\"high\" decoding=\"async\" width=\"225\" height=\"225\" src=\"https:\/\/tsv-ohrnberg.de\/wp-content\/uploads\/2022\/10\/Download.jpg\" class=\"attachment-large size-large wp-image-2113\" alt=\"\" srcset=\"https:\/\/tsv-ohrnberg.de\/wp-content\/uploads\/2022\/10\/Download.jpg 225w, https:\/\/tsv-ohrnberg.de\/wp-content\/uploads\/2022\/10\/Download-150x150.jpg 150w\" sizes=\"(max-width: 225px) 100vw, 225px\" \/>\t\t\t\t\t\t\t\t\t\t\t\t\t\t\t<\/div>\n\t\t\t\t<\/div>\n\t\t\t\t<div class=\"elementor-element elementor-element-08ce24e elementor-widget elementor-widget-image\" data-id=\"08ce24e\" data-element_type=\"widget\" data-e-type=\"widget\" data-widget_type=\"image.default\">\n\t\t\t\t<div class=\"elementor-widget-container\">\n\t\t\t\t\t\t\t\t\t\t\t\t\t\t\t<img decoding=\"async\" width=\"1024\" height=\"683\" src=\"https:\/\/tsv-ohrnberg.de\/wp-content\/uploads\/2022\/10\/Sprungbude_001_1-1024x683.jpg\" class=\"attachment-large size-large wp-image-2103\" alt=\"\" srcset=\"https:\/\/tsv-ohrnberg.de\/wp-content\/uploads\/2022\/10\/Sprungbude_001_1-1024x683.jpg 1024w, https:\/\/tsv-ohrnberg.de\/wp-content\/uploads\/2022\/10\/Sprungbude_001_1-300x200.jpg 300w, https:\/\/tsv-ohrnberg.de\/wp-content\/uploads\/2022\/10\/Sprungbude_001_1-768x512.jpg 768w, https:\/\/tsv-ohrnberg.de\/wp-content\/uploads\/2022\/10\/Sprungbude_001_1-1536x1024.jpg 1536w, https:\/\/tsv-ohrnberg.de\/wp-content\/uploads\/2022\/10\/Sprungbude_001_1.jpg 1920w\" sizes=\"(max-width: 1024px) 100vw, 1024px\" \/>\t\t\t\t\t\t\t\t\t\t\t\t\t\t\t<\/div>\n\t\t\t\t<\/div>\n\t\t\t\t\t<\/div>\n\t\t<\/div>\n\t\t\t\t<div class=\"elementor-column elementor-col-33 elementor-top-column elementor-element elementor-element-27ab44d\" data-id=\"27ab44d\" data-element_type=\"column\" data-e-type=\"column\">\n\t\t\t<div class=\"elementor-widget-wrap elementor-element-populated\">\n\t\t\t\t\t\t<div class=\"elementor-element elementor-element-187d06f elementor-widget elementor-widget-heading\" data-id=\"187d06f\" data-element_type=\"widget\" data-e-type=\"widget\" data-widget_type=\"heading.default\">\n\t\t\t\t<div class=\"elementor-widget-container\">\n\t\t\t\t\t<h2 class=\"elementor-heading-title elementor-size-default\">Jugendleitung:<br>Katrin Hiller<br><\/h2>\t\t\t\t<\/div>\n\t\t\t\t<\/div>\n\t\t\t\t<div class=\"elementor-element elementor-element-9346cb2 elementor-widget elementor-widget-toggle\" data-id=\"9346cb2\" data-element_type=\"widget\" data-e-type=\"widget\" data-widget_type=\"toggle.default\">\n\t\t\t\t<div class=\"elementor-widget-container\">\n\t\t\t\t\t\t\t<div class=\"elementor-toggle\">\n\t\t\t\t\t\t\t<div class=\"elementor-toggle-item\">\n\t\t\t\t\t<div id=\"elementor-tab-title-1541\" class=\"elementor-tab-title\" data-tab=\"1\" role=\"button\" aria-controls=\"elementor-tab-content-1541\" aria-expanded=\"false\">\n\t\t\t\t\t\t\t\t\t\t\t\t<span class=\"elementor-toggle-icon elementor-toggle-icon-left\" aria-hidden=\"true\">\n\t\t\t\t\t\t\t\t\t\t\t\t\t\t\t<span class=\"elementor-toggle-icon-closed\"><i class=\"fas fa-caret-right\"><\/i><\/span>\n\t\t\t\t\t\t\t\t<span class=\"elementor-toggle-icon-opened\"><i class=\"elementor-toggle-icon-opened fas fa-caret-up\"><\/i><\/span>\n\t\t\t\t\t\t\t\t\t\t\t\t\t<\/span>\n\t\t\t\t\t\t\t\t\t\t\t\t<a class=\"elementor-toggle-title\" tabindex=\"0\">Kontakt<\/a>\n\t\t\t\t\t<\/div>\n\n\t\t\t\t\t<div id=\"elementor-tab-content-1541\" class=\"elementor-tab-content elementor-clearfix\" data-tab=\"1\" role=\"region\" aria-labelledby=\"elementor-tab-title-1541\"><p><span style=\"font-size: 14px;\">Anschrift: W\u00e4chlingen 30, 74613 \u00d6hr.-Ohrnberg<br \/>Telefon: 0151 75010210<br \/>Mail: katrinhiller@gmx.net<\/span><\/p><\/div>\n\t\t\t\t<\/div>\n\t\t\t\t\t\t\t\t<\/div>\n\t\t\t\t\t\t<\/div>\n\t\t\t\t<\/div>\n\t\t\t\t<div class=\"elementor-element elementor-element-64049bc elementor-widget elementor-widget-heading\" data-id=\"64049bc\" data-element_type=\"widget\" data-e-type=\"widget\" data-widget_type=\"heading.default\">\n\t\t\t\t<div class=\"elementor-widget-container\">\n\t\t\t\t\t<h2 class=\"elementor-heading-title elementor-size-default\">Stv. Jugendleitung:<br>Lena Dieterle<br><\/h2>\t\t\t\t<\/div>\n\t\t\t\t<\/div>\n\t\t\t\t<div class=\"elementor-element elementor-element-2e6c626 elementor-widget elementor-widget-toggle\" data-id=\"2e6c626\" data-element_type=\"widget\" data-e-type=\"widget\" data-widget_type=\"toggle.default\">\n\t\t\t\t<div class=\"elementor-widget-container\">\n\t\t\t\t\t\t\t<div class=\"elementor-toggle\">\n\t\t\t\t\t\t\t<div class=\"elementor-toggle-item\">\n\t\t\t\t\t<div id=\"elementor-tab-title-4861\" class=\"elementor-tab-title\" data-tab=\"1\" role=\"button\" aria-controls=\"elementor-tab-content-4861\" aria-expanded=\"false\">\n\t\t\t\t\t\t\t\t\t\t\t\t<span class=\"elementor-toggle-icon elementor-toggle-icon-left\" aria-hidden=\"true\">\n\t\t\t\t\t\t\t\t\t\t\t\t\t\t\t<span class=\"elementor-toggle-icon-closed\"><i class=\"fas fa-caret-right\"><\/i><\/span>\n\t\t\t\t\t\t\t\t<span class=\"elementor-toggle-icon-opened\"><i class=\"elementor-toggle-icon-opened fas fa-caret-up\"><\/i><\/span>\n\t\t\t\t\t\t\t\t\t\t\t\t\t<\/span>\n\t\t\t\t\t\t\t\t\t\t\t\t<a class=\"elementor-toggle-title\" tabindex=\"0\">Kontakt<\/a>\n\t\t\t\t\t<\/div>\n\n\t\t\t\t\t<div id=\"elementor-tab-content-4861\" class=\"elementor-tab-content elementor-clearfix\" data-tab=\"1\" role=\"region\" aria-labelledby=\"elementor-tab-title-4861\"><p>Anschrift: Amselweg 3, 74243 Langenbrettach<br \/>Telefon: 0151 61132804<br \/>Mail: len_die@web.de<\/p><\/div>\n\t\t\t\t<\/div>\n\t\t\t\t\t\t\t\t<\/div>\n\t\t\t\t\t\t<\/div>\n\t\t\t\t<\/div>\n\t\t\t\t<div class=\"elementor-element elementor-element-e8ee43b elementor-widget elementor-widget-heading\" data-id=\"e8ee43b\" data-element_type=\"widget\" data-e-type=\"widget\" data-widget_type=\"heading.default\">\n\t\t\t\t<div class=\"elementor-widget-container\">\n\t\t\t\t\t<h2 class=\"elementor-heading-title elementor-size-default\"><br>Jugendsprecher:<\/h2>\t\t\t\t<\/div>\n\t\t\t\t<\/div>\n\t\t\t\t<div class=\"elementor-element elementor-element-cd867ee elementor-widget elementor-widget-toggle\" data-id=\"cd867ee\" data-element_type=\"widget\" data-e-type=\"widget\" data-widget_type=\"toggle.default\">\n\t\t\t\t<div class=\"elementor-widget-container\">\n\t\t\t\t\t\t\t<div class=\"elementor-toggle\">\n\t\t\t\t\t\t\t<div class=\"elementor-toggle-item\">\n\t\t\t\t\t<div id=\"elementor-tab-title-2151\" class=\"elementor-tab-title\" data-tab=\"1\" role=\"button\" aria-controls=\"elementor-tab-content-2151\" aria-expanded=\"false\">\n\t\t\t\t\t\t\t\t\t\t\t\t<span class=\"elementor-toggle-icon elementor-toggle-icon-left\" aria-hidden=\"true\">\n\t\t\t\t\t\t\t\t\t\t\t\t\t\t\t<span class=\"elementor-toggle-icon-closed\"><i class=\"fas fa-caret-right\"><\/i><\/span>\n\t\t\t\t\t\t\t\t<span class=\"elementor-toggle-icon-opened\"><i class=\"elementor-toggle-icon-opened fas fa-caret-up\"><\/i><\/span>\n\t\t\t\t\t\t\t\t\t\t\t\t\t<\/span>\n\t\t\t\t\t\t\t\t\t\t\t\t<a class=\"elementor-toggle-title\" tabindex=\"0\">Kontakt<\/a>\n\t\t\t\t\t<\/div>\n\n\t\t\t\t\t<div id=\"elementor-tab-content-2151\" class=\"elementor-tab-content elementor-clearfix\" data-tab=\"1\" role=\"region\" aria-labelledby=\"elementor-tab-title-2151\"><p>Moritz M\u00fcller<br \/>Olivia K\u00f6hler<br \/>Maja Reinhardt<\/p><\/div>\n\t\t\t\t<\/div>\n\t\t\t\t\t\t\t\t<\/div>\n\t\t\t\t\t\t<\/div>\n\t\t\t\t<\/div>\n\t\t\t\t\t<\/div>\n\t\t<\/div>\n\t\t\t\t\t<\/div>\n\t\t<\/section>\n\t\t\t\t<\/div>\n\t\t","protected":false},"excerpt":{"rendered":"<p>Jugend Aktuelle Termine: 02.11.2023 Jugendversammlung 09.12.2023 Jugendweihnachtsfeier 29.12.2023 Jahresabschluss 04.02.2024 Kinder-und Jugendfasching Unsere monatlichen Jugendaktionen findet ihr in der Men\u00fcleiste unter &#8222;Veranstaltungen Jugend&#8220; Hallo Kids, Wir sind die Jugendabteilung des TSV Ohrnberg.Wir planen Programme f\u00fcr die Jugend und gestalten das komplette Jugendleben beim TSV Ohrnberg. F\u00fcr alle Kinder und Jugendlichen bieten wir Kinderturnen, Fu\u00dfball, Jazztanz [&hellip;]<\/p>\n","protected":false},"author":5,"featured_media":0,"parent":0,"menu_order":0,"comment_status":"closed","ping_status":"closed","template":"","meta":{"_monsterinsights_skip_tracking":false,"_monsterinsights_sitenote_active":false,"_monsterinsights_sitenote_note":"","_monsterinsights_sitenote_category":0,"footnotes":""},"class_list":["post-813","page","type-page","status-publish","hentry","entry"],"_links":{"self":[{"href":"https:\/\/tsv-ohrnberg.de\/index.php\/wp-json\/wp\/v2\/pages\/813","targetHints":{"allow":["GET"]}}],"collection":[{"href":"https:\/\/tsv-ohrnberg.de\/index.php\/wp-json\/wp\/v2\/pages"}],"about":[{"href":"https:\/\/tsv-ohrnberg.de\/index.php\/wp-json\/wp\/v2\/types\/page"}],"author":[{"embeddable":true,"href":"https:\/\/tsv-ohrnberg.de\/index.php\/wp-json\/wp\/v2\/users\/5"}],"replies":[{"embeddable":true,"href":"https:\/\/tsv-ohrnberg.de\/index.php\/wp-json\/wp\/v2\/comments?post=813"}],"version-history":[{"count":84,"href":"https:\/\/tsv-ohrnberg.de\/index.php\/wp-json\/wp\/v2\/pages\/813\/revisions"}],"predecessor-version":[{"id":2297,"href":"https:\/\/tsv-ohrnberg.de\/index.php\/wp-json\/wp\/v2\/pages\/813\/revisions\/2297"}],"wp:attachment":[{"href":"https:\/\/tsv-ohrnberg.de\/index.php\/wp-json\/wp\/v2\/media?parent=813"}],"curies":[{"name":"wp","href":"https:\/\/api.w.org\/{rel}","templated":true}]}}